{"id":7872,"date":"2025-09-06T23:09:12","date_gmt":"2025-09-07T03:09:12","guid":{"rendered":"https:\/\/valeriemilot.com\/?page_id=7872"},"modified":"2025-09-06T23:18:04","modified_gmt":"2025-09-07T03:18:04","slug":"en-tournee","status":"publish","type":"page","link":"https:\/\/valeriemilot.com\/fr\/en-tournee\/","title":{"rendered":"En tourn\u00e9e"},"content":{"rendered":"\t\t<div data-elementor-type=\"wp-post\" data-elementor-id=\"7872\" class=\"elementor elementor-7872 elementor-7868\" data-elementor-post-type=\"page\">\n\t\t\t\t\t\t<section class=\"elementor-section elementor-top-section elementor-element elementor-element-79535603 elementor-section-stretched elementor-section-height-min-height animated-fast elementor-section-boxed elementor-section-height-default elementor-section-items-middle elementor-invisible\" data-id=\"79535603\" data-element_type=\"section\" data-e-type=\"section\" data-settings=\"{&quot;stretch_section&quot;:&quot;section-stretched&quot;,&quot;background_background&quot;:&quot;classic&quot;,&quot;animation&quot;:&quot;fadeIn&quot;,&quot;animation_delay&quot;:5}\">\n\t\t\t\t\t\t\t<div class=\"elementor-background-overlay\"><\/div>\n\t\t\t\t\t\t\t<div class=\"elementor-container elementor-column-gap-default\">\n\t\t\t\t\t<div class=\"elementor-column elementor-col-100 elementor-top-column elementor-element elementor-element-16d4ee11\" data-id=\"16d4ee11\" data-element_type=\"column\" data-e-type=\"column\">\n\t\t\t<div class=\"elementor-widget-wrap elementor-element-populated\">\n\t\t\t\t\t\t<div class=\"elementor-element elementor-element-3c324a16 animated-fast elementor-invisible elementor-widget elementor-widget-heading\" data-id=\"3c324a16\" data-element_type=\"widget\" data-e-type=\"widget\" data-settings=\"{&quot;_animation&quot;:&quot;fadeInUp&quot;,&quot;_animation_delay&quot;:200}\" data-widget_type=\"heading.default\">\n\t\t\t\t\t<h1 class=\"elementor-heading-title elementor-size-default\">En tourn\u00e9e<\/h1>\t\t\t\t<\/div>\n\t\t\t\t\t<\/div>\n\t\t<\/div>\n\t\t\t\t\t<\/div>\n\t\t<\/section>\n\t\t<div class=\"elementor-element elementor-element-2d91a44 e-flex e-con-boxed e-con e-parent\" data-id=\"2d91a44\" data-element_type=\"container\" data-e-type=\"container\">\n\t\t\t\t\t<div class=\"e-con-inner\">\n\t\t\t\t<div class=\"elementor-element elementor-element-9f2d4f2 elementor-widget elementor-widget-shortcode\" data-id=\"9f2d4f2\" data-element_type=\"widget\" data-e-type=\"widget\" data-widget_type=\"shortcode.default\">\n\t\t\t\t\t\t\t<div class=\"elementor-shortcode\"><div class=\"mec-wrap mec-skin-grid-container  \" id=\"mec_skin_7861\">\r\n\r\n    \r\n            <div class=\"mec-skin-grid-events-container\" id=\"mec_skin_events_7861\">\r\n        <div class=\"mec-wrap colorskin-custom\">\r\n    <div class=\"mec-event-grid-classic\" data-widget-autoplay=\"1\" data-widget-loop=\"1\" data-widget-autoplay-time=\"3000\">\r\n        <div class=\"row\"><div class=\"col-md-4 col-sm-4\"><article class=\" mec-event-article mec-clear  \" itemscope>                                <div class=\"mec-event-image\"><a data-event-id=\"8964\" href=\"https:\/\/coeurdessciences.uqam.ca\/evenements\/nebulae\/\" target=\"_blank\" rel=\"noopener\"><img loading=\"lazy\" decoding=\"async\" width=\"300\" height=\"300\" src=\"https:\/\/valeriemilot.com\/wp-content\/uploads\/2025\/09\/Nebulae-Nos-Productions-2-300x300.jpg\" class=\"attachment-medium size-medium wp-post-image\" alt=\"\" data-mec-postid=\"8964\" \/><\/a><\/div>\r\n                        <div class=\"mec-event-content\">\r\n                                    <div class=\"mec-event-date mec-bg-color\">\r\n                        <span class=\"mec-start-date-label\">28 avril 2026<\/span>                                                <div class=\"mec-time-details\"><span class=\"mec-start-time\">18h00<\/span><\/div>                    <\/div>\r\n                                                                <h4 class=\"mec-event-title\"><a class=\"mec-color-hover\" data-event-id=\"8964\" href=\"https:\/\/coeurdessciences.uqam.ca\/evenements\/nebulae\/\" target=\"_blank\" rel=\"noopener\">Nebul\u00e6<\/a><\/h4>\r\n                                <p class=\"mec-grid-event-location\">Amphith\u00e9\u00e2tre, pavillon Sherbrooke de l\u2019UQAM, Montr\u00e9al. QC<\/p>\r\n                                                                            <\/div>\r\n            <div class=\"mec-event-footer\">\r\n                                                <a class=\"mec-booking-button\" data-event-id=\"8964\" href=\"https:\/\/coeurdessciences.uqam.ca\/evenements\/nebulae\/\" target=\"_blank\" rel=\"noopener\">En savoir plus<\/a>            <\/div>\r\n        <\/article><\/div>                <div class=\"col-md-4 col-sm-4\"><article class=\" mec-event-article mec-clear  \" itemscope>                                <div class=\"mec-event-image\"><a data-event-id=\"8927\" href=\"https:\/\/www.osl.ca\/flute-et-harpe\" target=\"_blank\" rel=\"noopener\"><img loading=\"lazy\" decoding=\"async\" width=\"300\" height=\"300\" src=\"https:\/\/valeriemilot.com\/wp-content\/uploads\/2025\/09\/ValerieMilot2025-300x300.jpg\" class=\"attachment-medium size-medium wp-post-image\" alt=\"\" data-mec-postid=\"8927\" \/><\/a><\/div>\r\n                        <div class=\"mec-event-content\">\r\n                                    <div class=\"mec-event-date mec-bg-color\">\r\n                        <span class=\"mec-start-date-label\">2 mai 2026<\/span>                                                <div class=\"mec-time-details\"><span class=\"mec-start-time\">14h00<\/span><\/div>                    <\/div>\r\n                                                                <h4 class=\"mec-event-title\"><a class=\"mec-color-hover\" data-event-id=\"8927\" href=\"https:\/\/www.osl.ca\/flute-et-harpe\" target=\"_blank\" rel=\"noopener\">T\u00eate \u00e0 t\u00eate: fl\u00fbte et harpe<\/a><\/h4>\r\n                                <p class=\"mec-grid-event-location\">\u00c9glise Saint-Maurice-de-Duvernay, Laval, QC<\/p>\r\n                                                                            <\/div>\r\n            <div class=\"mec-event-footer\">\r\n                                                <a class=\"mec-booking-button\" data-event-id=\"8927\" href=\"https:\/\/www.osl.ca\/flute-et-harpe\" target=\"_blank\" rel=\"noopener\">En savoir plus<\/a>            <\/div>\r\n        <\/article><\/div>                <div class=\"col-md-4 col-sm-4\"><article class=\" mec-event-article mec-clear  \" itemscope>                                <div class=\"mec-event-image\"><a data-event-id=\"8987\" href=\"https:\/\/www.v3r.net\/activites-et-loisirs\/calendrier-des-activites\/histoire-de-dragons-dans-le-cadre-du-festival-petits-bonheurs\" target=\"_blank\" rel=\"noopener\"><img loading=\"lazy\" decoding=\"async\" width=\"300\" height=\"300\" src=\"https:\/\/valeriemilot.com\/wp-content\/uploads\/2026\/04\/Histoire-de-dragons-300x300.jpg\" class=\"attachment-medium size-medium wp-post-image\" alt=\"\" data-mec-postid=\"8987\" \/><\/a><\/div>\r\n                        <div class=\"mec-event-content\">\r\n                                    <div class=\"mec-event-date mec-bg-color\">\r\n                        <span class=\"mec-start-date-label\">16 mai 2026<\/span>                                                <div class=\"mec-time-details\"><span class=\"mec-start-time\">10h30<\/span><\/div>                    <\/div>\r\n                                                                <h4 class=\"mec-event-title\"><a class=\"mec-color-hover\" data-event-id=\"8987\" href=\"https:\/\/www.v3r.net\/activites-et-loisirs\/calendrier-des-activites\/histoire-de-dragons-dans-le-cadre-du-festival-petits-bonheurs\" target=\"_blank\" rel=\"noopener\">Histoire de dragons<\/a><\/h4>\r\n                                <p class=\"mec-grid-event-location\">Biblioth\u00e8que Gatien-Lapointe<\/p>\r\n                                                                            <\/div>\r\n            <div class=\"mec-event-footer\">\r\n                                                <a class=\"mec-booking-button\" data-event-id=\"8987\" href=\"https:\/\/www.v3r.net\/activites-et-loisirs\/calendrier-des-activites\/histoire-de-dragons-dans-le-cadre-du-festival-petits-bonheurs\" target=\"_blank\" rel=\"noopener\">En savoir plus<\/a>            <\/div>\r\n        <\/article><\/div><\/div>                <div class=\"row\"><div class=\"col-md-4 col-sm-4\"><article class=\" mec-event-article mec-clear  \" itemscope>                                <div class=\"mec-event-image\"><a data-event-id=\"7783\" href=\"https:\/\/www.culture3r.com\/evenements\/anemone-47-nebulae\/\" target=\"_blank\" rel=\"noopener\"><img loading=\"lazy\" decoding=\"async\" width=\"300\" height=\"300\" src=\"https:\/\/valeriemilot.com\/wp-content\/uploads\/2025\/09\/Nebulae-Nos-Productions-2-300x300.jpg\" class=\"attachment-medium size-medium wp-post-image\" alt=\"\" data-mec-postid=\"7783\" \/><\/a><\/div>\r\n                        <div class=\"mec-event-content\">\r\n                                    <div class=\"mec-event-date mec-bg-color\">\r\n                        <span class=\"mec-start-date-label\">17 mai 2026<\/span>                                                <div class=\"mec-time-details\"><span class=\"mec-start-time\">15h00<\/span><\/div>                    <\/div>\r\n                                                                <h4 class=\"mec-event-title\"><a class=\"mec-color-hover\" data-event-id=\"7783\" href=\"https:\/\/www.culture3r.com\/evenements\/anemone-47-nebulae\/\" target=\"_blank\" rel=\"noopener\">Nebul\u00e6<\/a><\/h4>\r\n                                <p class=\"mec-grid-event-location\">Ana\u00efs-Allard-Rousseau, Trois-Rivi\u00e8res, QC<\/p>\r\n                                                                            <\/div>\r\n            <div class=\"mec-event-footer\">\r\n                                                <a class=\"mec-booking-button\" data-event-id=\"7783\" href=\"https:\/\/www.culture3r.com\/evenements\/anemone-47-nebulae\/\" target=\"_blank\" rel=\"noopener\">En savoir plus<\/a>            <\/div>\r\n        <\/article><\/div>                <div class=\"col-md-4 col-sm-4\"><article class=\" mec-event-article mec-clear  \" itemscope>                                <div class=\"mec-event-image\"><a data-event-id=\"8976\" href=\"https:\/\/www.placedesarts.com\/fondation-de-la-place-des-arts\/evenement-benefice-fondation\" target=\"_blank\" rel=\"noopener\"><img loading=\"lazy\" decoding=\"async\" width=\"300\" height=\"300\" src=\"https:\/\/valeriemilot.com\/wp-content\/uploads\/2026\/04\/PlaceDesArts-300x300.png\" class=\"attachment-medium size-medium wp-post-image\" alt=\"\" data-mec-postid=\"8976\" \/><\/a><\/div>\r\n                        <div class=\"mec-event-content\">\r\n                                    <div class=\"mec-event-date mec-bg-color\">\r\n                        <span class=\"mec-start-date-label\">2 juin 2026<\/span>                                                <div class=\"mec-time-details\"><span class=\"mec-start-time\">18h00<\/span> - <span class=\"mec-end-time\">23h55<\/span><\/div>                    <\/div>\r\n                                                                <h4 class=\"mec-event-title\"><a class=\"mec-color-hover\" data-event-id=\"8976\" href=\"https:\/\/www.placedesarts.com\/fondation-de-la-place-des-arts\/evenement-benefice-fondation\" target=\"_blank\" rel=\"noopener\">Grande Premi\u00e8re des\u202ffutures\u202f\u00e9toiles<\/a><\/h4>\r\n                                <p class=\"mec-grid-event-location\">Th\u00e9\u00e2tre Maisonneuve, Montr\u00e9al. QC<\/p>\r\n                                                                            <\/div>\r\n            <div class=\"mec-event-footer\">\r\n                                                <a class=\"mec-booking-button\" data-event-id=\"8976\" href=\"https:\/\/www.placedesarts.com\/fondation-de-la-place-des-arts\/evenement-benefice-fondation\" target=\"_blank\" rel=\"noopener\">En savoir plus<\/a>            <\/div>\r\n        <\/article><\/div>                <div class=\"col-md-4 col-sm-4\"><article class=\" mec-event-article mec-clear  \" itemscope>                                <div class=\"mec-event-image\"><a data-event-id=\"8968\" href=\"https:\/\/www.placedesarts.com\/evenement\/nebulae-par-valerie-milot\" target=\"_blank\" rel=\"noopener\"><img loading=\"lazy\" decoding=\"async\" width=\"300\" height=\"300\" src=\"https:\/\/valeriemilot.com\/wp-content\/uploads\/2025\/09\/Nebulae-Nos-Productions-2-300x300.jpg\" class=\"attachment-medium size-medium wp-post-image\" alt=\"\" data-mec-postid=\"8968\" \/><\/a><\/div>\r\n                        <div class=\"mec-event-content\">\r\n                                    <div class=\"mec-event-date mec-bg-color\">\r\n                        <span class=\"mec-start-date-label\">25 juillet 2026<\/span>                                                <div class=\"mec-time-details\"><span class=\"mec-start-time\">14h00<\/span><\/div>                    <\/div>\r\n                                                                <h4 class=\"mec-event-title\"><a class=\"mec-color-hover\" data-event-id=\"8968\" href=\"https:\/\/www.placedesarts.com\/evenement\/nebulae-par-valerie-milot\" target=\"_blank\" rel=\"noopener\">Nebul\u00e6<\/a><\/h4>\r\n                                <p class=\"mec-grid-event-location\">Crapo de Lanaudi\u00e8re, Saint-F\u00e9lix-de-Valois, QC<\/p>\r\n                                                                            <\/div>\r\n            <div class=\"mec-event-footer\">\r\n                                                <a class=\"mec-booking-button\" data-event-id=\"8968\" href=\"https:\/\/www.placedesarts.com\/evenement\/nebulae-par-valerie-milot\" target=\"_blank\" rel=\"noopener\">En savoir plus<\/a>            <\/div>\r\n        <\/article><\/div><\/div>                <div class=\"row\"><div class=\"col-md-4 col-sm-4\"><article class=\" mec-event-article mec-clear  \" itemscope>                                <div class=\"mec-event-image\"><a data-event-id=\"8931\" href=\"https:\/\/shawinigan.ticketacces.net\/fr\/organisation\/representations\/index.cfm?EvenementID=11082\" target=\"_blank\" rel=\"noopener\"><img loading=\"lazy\" decoding=\"async\" width=\"300\" height=\"300\" src=\"https:\/\/valeriemilot.com\/wp-content\/uploads\/2025\/09\/Nebulae-Nos-Productions-2-300x300.jpg\" class=\"attachment-medium size-medium wp-post-image\" alt=\"\" data-mec-postid=\"8931\" \/><\/a><\/div>\r\n                        <div class=\"mec-event-content\">\r\n                                    <div class=\"mec-event-date mec-bg-color\">\r\n                        <span class=\"mec-start-date-label\">27 septembre 2026<\/span>                                                <div class=\"mec-time-details\"><span class=\"mec-start-time\">16h00<\/span><\/div>                    <\/div>\r\n                                                                <h4 class=\"mec-event-title\"><a class=\"mec-color-hover\" data-event-id=\"8931\" href=\"https:\/\/shawinigan.ticketacces.net\/fr\/organisation\/representations\/index.cfm?EvenementID=11082\" target=\"_blank\" rel=\"noopener\">Nebul\u00e6<\/a><\/h4>\r\n                                <p class=\"mec-grid-event-location\">Maison de la culture Francis-Brisson, Shawinigan, QC<\/p>\r\n                                                                            <\/div>\r\n            <div class=\"mec-event-footer\">\r\n                                                <a class=\"mec-booking-button\" data-event-id=\"8931\" href=\"https:\/\/shawinigan.ticketacces.net\/fr\/organisation\/representations\/index.cfm?EvenementID=11082\" target=\"_blank\" rel=\"noopener\">En savoir plus<\/a>            <\/div>\r\n        <\/article><\/div>                <div class=\"col-md-4 col-sm-4\"><article class=\" mec-event-article mec-clear  \" itemscope>                                <div class=\"mec-event-image\"><a data-event-id=\"8932\" href=\"https:\/\/www.theatredesjardins.com\/programmation\/valerie-milot\/\" target=\"_blank\" rel=\"noopener\"><img loading=\"lazy\" decoding=\"async\" width=\"300\" height=\"300\" src=\"https:\/\/valeriemilot.com\/wp-content\/uploads\/2025\/09\/Nebulae-Nos-Productions-2-300x300.jpg\" class=\"attachment-medium size-medium wp-post-image\" alt=\"\" data-mec-postid=\"8932\" \/><\/a><\/div>\r\n                        <div class=\"mec-event-content\">\r\n                                    <div class=\"mec-event-date mec-bg-color\">\r\n                        <span class=\"mec-start-date-label\">22 novembre 2026<\/span>                                                <div class=\"mec-time-details\"><span class=\"mec-start-time\">15h00<\/span><\/div>                    <\/div>\r\n                                                                <h4 class=\"mec-event-title\"><a class=\"mec-color-hover\" data-event-id=\"8932\" href=\"https:\/\/www.theatredesjardins.com\/programmation\/valerie-milot\/\" target=\"_blank\" rel=\"noopener\">Nebul\u00e6<\/a><\/h4>\r\n                                <p class=\"mec-grid-event-location\">Th\u00e9\u00e2tre Desjardins - Salle Jean-Grimaldi, LaSalle - Montr\u00e9al (Qc)<\/p>\r\n                                                                            <\/div>\r\n            <div class=\"mec-event-footer\">\r\n                                                <a class=\"mec-booking-button\" data-event-id=\"8932\" href=\"https:\/\/www.theatredesjardins.com\/programmation\/valerie-milot\/\" target=\"_blank\" rel=\"noopener\">En savoir plus<\/a>            <\/div>\r\n        <\/article><\/div>                        <\/div>\t<\/div>\r\n<\/div>\r\n\r\n    <\/div>\r\n    <div class=\"mec-skin-grid-no-events-container mec-util-hidden\" id=\"mec_skin_no_events_7861\">\r\n        Aucun \u00e9v\u00e9nement trouv\u00e9 !    <\/div>\r\n    \r\n    \r\n<\/div>\r\n<\/div>\n\t\t\t\t\t\t<\/div>\n\t\t\t\t\t<\/div>\n\t\t\t\t<\/div>\n\t\t\t\t<\/div>\n\t\t","protected":false},"excerpt":{"rendered":"<p>En tourn\u00e9e<\/p>\n","protected":false},"author":1,"featured_media":0,"parent":0,"menu_order":0,"comment_status":"closed","ping_status":"closed","template":"","meta":{"footnotes":""},"class_list":["post-7872","page","type-page","status-publish","hentry"],"_links":{"self":[{"href":"https:\/\/valeriemilot.com\/fr\/wp-json\/wp\/v2\/pages\/7872","targetHints":{"allow":["GET"]}}],"collection":[{"href":"https:\/\/valeriemilot.com\/fr\/wp-json\/wp\/v2\/pages"}],"about":[{"href":"https:\/\/valeriemilot.com\/fr\/wp-json\/wp\/v2\/types\/page"}],"author":[{"embeddable":true,"href":"https:\/\/valeriemilot.com\/fr\/wp-json\/wp\/v2\/users\/1"}],"replies":[{"embeddable":true,"href":"https:\/\/valeriemilot.com\/fr\/wp-json\/wp\/v2\/comments?post=7872"}],"version-history":[{"count":13,"href":"https:\/\/valeriemilot.com\/fr\/wp-json\/wp\/v2\/pages\/7872\/revisions"}],"predecessor-version":[{"id":7888,"href":"https:\/\/valeriemilot.com\/fr\/wp-json\/wp\/v2\/pages\/7872\/revisions\/7888"}],"wp:attachment":[{"href":"https:\/\/valeriemilot.com\/fr\/wp-json\/wp\/v2\/media?parent=7872"}],"curies":[{"name":"wp","href":"https:\/\/api.w.org\/{rel}","templated":true}]}}